{"id":458,"date":"2017-02-22T15:38:43","date_gmt":"2017-02-22T15:38:43","guid":{"rendered":"http:\/\/werkstattambach.ch\/wordpress2\/wp-content\/uploads\/2017\/02\/IMG_0865-1.jpg"},"modified":"2017-03-13T18:14:54","modified_gmt":"2017-03-13T18:14:54","slug":"img_0865-3","status":"inherit","type":"attachment","link":"https:\/\/werkstattambach.ch\/wordpress2\/img_0865-3\/","title":{"rendered":"Impressionen Kerzenziehen 2016"},"author":2,"comment_status":"open","ping_status":"closed","template":"","meta":{"jetpack_post_was_ever_published":false},"jetpack_sharing_enabled":true,"jetpack_shortlink":"https:\/\/wp.me\/a86hdv-7o","description":{"rendered":"<p class=\"attachment\"><a href='https:\/\/werkstattambach.ch\/wordpress2\/wp-content\/uploads\/2017\/02\/IMG_0865-1.jpg'><img loading=\"lazy\" width=\"300\" height=\"225\" src=\"https:\/\/werkstattambach.ch\/wordpress2\/wp-content\/uploads\/2017\/02\/IMG_0865-1-300x225.jpg\" class=\"attachment-medium size-medium\" alt=\"\" decoding=\"async\" srcset=\"https:\/\/werkstattambach.ch\/wordpress2\/wp-content\/uploads\/2017\/02\/IMG_0865-1-300x225.jpg 300w, https:\/\/werkstattambach.ch\/wordpress2\/wp-content\/uploads\/2017\/02\/IMG_0865-1-768x576.jpg 768w, https:\/\/werkstattambach.ch\/wordpress2\/wp-content\/uploads\/2017\/02\/IMG_0865-1-1024x768.jpg 1024w, https:\/\/werkstattambach.ch\/wordpress2\/wp-content\/uploads\/2017\/02\/IMG_0865-1-507x380.jpg 507w\" sizes=\"(max-width: 300px) 100vw, 300px\" \/><\/a><\/p>\n"},"caption":{"rendered":"<p>Diese Flaschen haben wir zum 50. Geburtstag unserer guten  Freundin Nicole angefertigt. Einfach in Wachs getunkt und mit verschiedenen Ornamenten und Symbolen verziert. Denn mit 50ig f\u00e4ngt das Leben so richtig an und um diesen Abschnitt zu w\u00fcrdigen w\u00e4hlten wir das Spiel mit Farben, sch\u00f6nen Formen und Licht. Der farbige Weg zum Licht.<\/p>\n"},"alt_text":"","media_type":"image","mime_type":"image\/jpeg","media_details":{"width":4032,"height":3024,"file":"2017\/02\/IMG_0865-1.jpg","sizes":{"thumbnail":{"file":"IMG_0865-1-150x150.jpg","width":150,"height":150,"mime_type":"image\/jpeg","source_url":"https:\/\/werkstattambach.ch\/wordpress2\/wp-content\/uploads\/2017\/02\/IMG_0865-1-150x150.jpg"},"medium":{"file":"IMG_0865-1-300x225.jpg","width":300,"height":225,"mime_type":"image\/jpeg","source_url":"https:\/\/werkstattambach.ch\/wordpress2\/wp-content\/uploads\/2017\/02\/IMG_0865-1-300x225.jpg"},"medium_large":{"file":"IMG_0865-1-768x576.jpg","width":768,"height":576,"mime_type":"image\/jpeg","source_url":"https:\/\/werkstattambach.ch\/wordpress2\/wp-content\/uploads\/2017\/02\/IMG_0865-1-768x576.jpg"},"large":{"file":"IMG_0865-1-1024x768.jpg","width":1024,"height":768,"mime_type":"image\/jpeg","source_url":"https:\/\/werkstattambach.ch\/wordpress2\/wp-content\/uploads\/2017\/02\/IMG_0865-1-1024x768.jpg"},"gg_gallery_thumbnail":{"file":"IMG_0865-1-450x250.jpg","width":450,"height":250,"mime_type":"image\/jpeg","source_url":"https:\/\/werkstattambach.ch\/wordpress2\/wp-content\/uploads\/2017\/02\/IMG_0865-1-450x250.jpg"},"post-thumbnail":{"file":"IMG_0865-1-820x312.jpg","width":820,"height":312,"mime_type":"image\/jpeg","source_url":"https:\/\/werkstattambach.ch\/wordpress2\/wp-content\/uploads\/2017\/02\/IMG_0865-1-820x312.jpg"},"sela-hero-thumbnail":{"file":"IMG_0865-1-1180x610.jpg","width":1180,"height":610,"mime_type":"image\/jpeg","source_url":"https:\/\/werkstattambach.ch\/wordpress2\/wp-content\/uploads\/2017\/02\/IMG_0865-1-1180x610.jpg"},"sela-page-thumbnail":{"file":"IMG_0865-1-1180x435.jpg","width":1180,"height":435,"mime_type":"image\/jpeg","source_url":"https:\/\/werkstattambach.ch\/wordpress2\/wp-content\/uploads\/2017\/02\/IMG_0865-1-1180x435.jpg"},"sela-grid-thumbnail":{"file":"IMG_0865-1-360x242.jpg","width":360,"height":242,"mime_type":"image\/jpeg","source_url":"https:\/\/werkstattambach.ch\/wordpress2\/wp-content\/uploads\/2017\/02\/IMG_0865-1-360x242.jpg"},"sela-testimonial-thumbnail":{"file":"IMG_0865-1-90x90.jpg","width":90,"height":90,"mime_type":"image\/jpeg","source_url":"https:\/\/werkstattambach.ch\/wordpress2\/wp-content\/uploads\/2017\/02\/IMG_0865-1-90x90.jpg"},"sela-logo":{"file":"IMG_0865-1-507x380.jpg","width":507,"height":380,"mime_type":"image\/jpeg","source_url":"https:\/\/werkstattambach.ch\/wordpress2\/wp-content\/uploads\/2017\/02\/IMG_0865-1-507x380.jpg"},"full":{"file":"IMG_0865-1.jpg","width":4032,"height":3024,"mime_type":"image\/jpeg","source_url":"https:\/\/werkstattambach.ch\/wordpress2\/wp-content\/uploads\/2017\/02\/IMG_0865-1.jpg"}},"image_meta":{"aperture":"2.2","credit":"","camera":"iPhone 6s","caption":"","created_timestamp":"1483800225","copyright":"","focal_length":"4.15","iso":"64","shutter_speed":"0.03030303030303","title":"","orientation":"1","keywords":[]}},"post":null,"source_url":"https:\/\/werkstattambach.ch\/wordpress2\/wp-content\/uploads\/2017\/02\/IMG_0865-1.jpg","_links":{"self":[{"href":"https:\/\/werkstattambach.ch\/wordpress2\/wp-json\/wp\/v2\/media\/458"}],"collection":[{"href":"https:\/\/werkstattambach.ch\/wordpress2\/wp-json\/wp\/v2\/media"}],"about":[{"href":"https:\/\/werkstattambach.ch\/wordpress2\/wp-json\/wp\/v2\/types\/attachment"}],"author":[{"embeddable":true,"href":"https:\/\/werkstattambach.ch\/wordpress2\/wp-json\/wp\/v2\/users\/2"}],"replies":[{"embeddable":true,"href":"https:\/\/werkstattambach.ch\/wordpress2\/wp-json\/wp\/v2\/comments?post=458"}]}}